{"id":183,"date":"2024-03-13T15:13:45","date_gmt":"2024-03-13T14:13:45","guid":{"rendered":"https:\/\/www.fnath-montpellier.fr\/?page_id=183"},"modified":"2024-03-18T21:20:46","modified_gmt":"2024-03-18T20:20:46","slug":"nos-missions","status":"publish","type":"page","link":"https:\/\/www.fnath-montpellier.fr\/index.php\/nos-missions\/","title":{"rendered":"Nos Missions"},"content":{"rendered":"\n<p class=\"has-tertiary-color has-text-color has-link-color has-medium-font-size wp-elements-48633f4a08f9fc3a778642c4a99ecf21\"><strong>Nos missions se d\u00e9clinent en plusieurs axes.<\/strong><\/p>\n\n\n\n<p>La FNATH se mobilise, gr\u00e2ce \u00e0 ses adh\u00e9rents, pour d\u00e9fendre les droits collectifs aupr\u00e8s des pouvoirs publics. Notre repr\u00e9sentativit\u00e9 nous permet chaque ann\u00e9e d\u2019obtenir l\u2019am\u00e9lioration des droits et le maintien d\u2019acquis sociaux. La FNATH, est une organisation ind\u00e9pendante des pouvoirs publics et \u00e9conomiques, li\u00e9e \u00e0 aucun parti politique ni aucun syndicat.<br>Notre organisation,&nbsp;<strong>reconnue d\u2019utilit\u00e9 publique<\/strong>, est majoritairement&nbsp;financ\u00e9e par les contributions de ses adh\u00e9rents. Notre&nbsp;<strong>ind\u00e9pendance financi\u00e8re<\/strong>&nbsp;nous conduit \u00e0 mettre en \u0153uvre une gestion rigoureuse de nos ressources. Nos valeurs de solidarit\u00e9 et d\u2019entraide sont r\u00e9sum\u00e9es dans notre devise&nbsp;: <br>\u00ab&nbsp;<strong>La FNATH, on y vient pour soi, on y reste pour les autres&nbsp;\u00bb.<\/strong><\/p>\n\n\n\n<p class=\"has-tertiary-color has-text-color has-link-color has-medium-font-size wp-elements-bc6ae063ea060b12d28b2498e924fff3\"><strong>Nos domaines d&rsquo;intervention<\/strong><\/p>\n\n\n\n<p><em># accidents du travail # maladies professionnelles # amiante #burn-out # handicap #acc\u00e8s aux soins # pension d\u2019invalidit\u00e9 # indemnisation # pr\u00e9vention sant\u00e9 au travail # drames sanitaires # risque routier professionnel #accidents domestiques \u2026<\/em><\/p>\n\n\n\n<p class=\"has-tertiary-color has-text-color has-link-color has-medium-font-size wp-elements-0cbd34c0790c2496eed2d490d204c943\"><strong>Un renseignement reste gratuit<\/strong><\/p>\n\n\n\n<p class=\"has-text-align-left\">Nous pouvons vous aider dans vos d\u00e9marches pour monter vos dossiers MDPH . N&rsquo;h\u00e9sitez pas \u00e0 contacter votre CCAS qui est tout \u00e0 fait aptes \u00e0 vous aider et vous mettre en relation avec nos b\u00e9n\u00e9voles. Ils sont plus proche de vous et c&rsquo;est leur mission qu&rsquo;ils effectuent chaque jour avec courage et plaisir.<\/p>\n\n\n\n<p class=\"has-text-align-center\"><strong>MDPH H\u00e9rault :<\/strong><br><strong>Maison des Personnes Handicap\u00e9es de l&rsquo;H\u00e9rault<\/strong><br>1350 rue d&rsquo;Alco<br>BP 7353<br><strong>34086 Montpellier cedex 4<\/strong><\/p>\n\n\n\n<div class=\"wp-block-group is-vertical is-layout-flex wp-container-core-group-is-layout-8cf370e7 wp-block-group-is-layout-flex\">\n<div class=\"wp-block-columns is-layout-flex wp-container-core-columns-is-layout-9d6595d7 wp-block-columns-is-layout-flex\">\n<div class=\"wp-block-column is-layout-flow wp-block-column-is-layout-flow\"><\/div>\n<\/div>\n<\/div>\n\n\n\n<p class=\"has-tertiary-color has-text-color has-link-color has-medium-font-size wp-elements-61347c0feb961321cffd718e5fe4a7ff\"><strong>D\u00e9fense et Recours en contentieux pour nos adh\u00e9rents<\/strong><\/p>\n\n\n\n<p style=\"text-decoration:underline\"><strong>Accident du Travail ou de Trajet :<\/strong> <\/p>\n\n\n\n<p>Nous intervenons quand il y a un recours \u00e0 faire pour contester la consolidation, le taux d&rsquo;IPP, ou dans le cas d&rsquo;un accident non reconnu. Notre service juridique est tout \u00e0 fait comp\u00e9tent pour prendre en charge votre dossier. <br>Notre Groupement bas\u00e9 sur Al\u00e8s a \u00e9tabli des partenariats avec des cabinets d&rsquo;avocats sp\u00e9cialis\u00e9s dans ce type de recours et bas\u00e9s sur Montpellier, N\u00eemes, et Al\u00e8s.<\/p>\n\n\n\n<p style=\"text-decoration:underline\"><strong>Appui au montage des Dossiers MDPH<\/strong><\/p>\n\n\n\n<ul class=\"wp-block-list\" style=\"line-height:0.4\">\n<li style=\"line-height:1.5\"><strong>Nous vous aidons pour les demandes de Cartes Mobilit\u00e9 Inclusion CMI<\/strong><\/li>\n\n\n\n<li style=\"line-height:1.2\">Cartes CMI Mention Invalidit\u00e9<\/li>\n\n\n\n<li style=\"line-height:1.2\">Cartes CMI Mention Stationnement<\/li>\n\n\n\n<li style=\"line-height:1.2\">Cartes CMI Mention Priorit\u00e9<\/li>\n<\/ul>\n\n\n\n<p><strong>Nous vous aidons aussi pour les d\u00e9marches AAH (Allocation Adulte Handicap\u00e9)<\/strong><\/p>\n\n\n\n<p><strong>Les d\u00e9marches RQTH (Reconnaissance de la Qualit\u00e9 de Travailleur Handicap\u00e9)<\/strong><\/p>\n\n\n\n<p>Nous sommes aussi r\u00e9f\u00e9rent privil\u00e9gi\u00e9 pour la r\u00e9solution des conflits et nous collaborons avec la CPAM et\/ou la MSA pour la sensibilisation \u00e0 la Pr\u00e9vention.<\/p>\n\n\n\n<p>La FNATH a un historique de plus de 100 ans (depuis 1921) ce qui prouve le s\u00e9rieux et l&rsquo;efficacit\u00e9 de l\u2019Association.<\/p>\n\n\n\n<p class=\"has-tertiary-color has-text-color has-link-color wp-elements-22aa6abb5ac529cc2342320f4c18f0f1\"><strong>La FNATH est intervenue \u00e0 plusieurs reprises pour \u00ab\u00a0faire bouger\u00a0\u00bb les choses avec :<\/strong><\/p>\n\n\n\n<ul class=\"wp-block-list\">\n<li style=\"line-height:1.2\">les majorations de pensions et les diff\u00e9rentes revalorisations<\/li>\n\n\n\n<li style=\"line-height:1.2\">L\u2019indemnisation des ayants droit des victimes d&rsquo;accidents du travail mortels<\/li>\n\n\n\n<li style=\"line-height:1.2\">Les lois sur le reclassement des Travailleurs Handicap\u00e9s<\/li>\n\n\n\n<li style=\"line-height:1.2\">La loi sur l&rsquo;obligation d&#8217;emploi des personnes handicap\u00e9es<\/li>\n\n\n\n<li style=\"line-height:1.2\">Loi Badinter pour l&rsquo;indemnisation des victimes de la route<\/li>\n\n\n\n<li style=\"line-height:1.2\">L\u2019interdiction de l&rsquo;amiante et le travail aujourd&rsquo;hui sur les effets des pesticides<\/li>\n<\/ul>\n\n\n\n<p class=\"has-tertiary-color has-text-color has-link-color has-medium-font-size wp-elements-65b223daeb98b0d1a197f08e86140cb7\"><strong>Loi sur l&rsquo;Amiante<\/strong><\/p>\n\n\n\n<div class=\"wp-block-media-text is-stacked-on-mobile\"><figure class=\"wp-block-media-text__media\"><img loading=\"lazy\" decoding=\"async\" width=\"1024\" height=\"576\" src=\"https:\/\/www.fnath-montpellier.fr\/wp-content\/uploads\/2024\/03\/vlcsnap-2023-01-30-17h52m51s715-1024x576.jpg\" alt=\"\" class=\"wp-image-187 size-full\" srcset=\"https:\/\/www.fnath-montpellier.fr\/wp-content\/uploads\/2024\/03\/vlcsnap-2023-01-30-17h52m51s715-1024x576.jpg 1024w, https:\/\/www.fnath-montpellier.fr\/wp-content\/uploads\/2024\/03\/vlcsnap-2023-01-30-17h52m51s715-300x169.jpg 300w, https:\/\/www.fnath-montpellier.fr\/wp-content\/uploads\/2024\/03\/vlcsnap-2023-01-30-17h52m51s715-768x432.jpg 768w, https:\/\/www.fnath-montpellier.fr\/wp-content\/uploads\/2024\/03\/vlcsnap-2023-01-30-17h52m51s715-1536x864.jpg 1536w, https:\/\/www.fnath-montpellier.fr\/wp-content\/uploads\/2024\/03\/vlcsnap-2023-01-30-17h52m51s715-1360x765.jpg 1360w, https:\/\/www.fnath-montpellier.fr\/wp-content\/uploads\/2024\/03\/vlcsnap-2023-01-30-17h52m51s715.jpg 1920w\" sizes=\"auto, (max-width: 1024px) 100vw, 1024px\" \/><\/figure><div class=\"wp-block-media-text__content\">\n<p><em>La FNATH s&rsquo;est battue pour la reconnaissance des effets de l&rsquo;amiante ce qui a permis une indemnisation de plusieurs milliers de victimes.<\/em><\/p>\n<\/div><\/div>\n\n\n\n<p class=\"has-tertiary-color has-text-color has-link-color wp-elements-890a98dde954750155963144da50323f\"><strong>La FNATH est reconnue d&rsquo;utilit\u00e9 publique<\/strong><\/p>\n\n\n\n<ul class=\"wp-block-list\" style=\"line-height:0.6\">\n<li style=\"line-height:1.2\">Elle accompagne les victimes d&rsquo;attentats<\/li>\n\n\n\n<li style=\"line-height:1.2\">Elle a permis le droit de stationnement gratuit pour les handicap\u00e9s en France et pour l&rsquo;international<\/li>\n\n\n\n<li style=\"line-height:1.2\">La FNATH travaille en collaboration avec le Secr\u00e9tariat d&rsquo;Etat charg\u00e9 des Personnes Handicap\u00e9es<\/li>\n<\/ul>\n\n\n\n<p class=\"has-tertiary-color has-text-color has-link-color has-medium-font-size wp-elements-3f8307e283aa21419024a57e0c4a9342\"><strong>Collaboration avec le Secr\u00e9tariat d&rsquo;Etat charg\u00e9 des Personnes Handicap\u00e9es<\/strong><\/p>\n\n\n\n<div class=\"wp-block-media-text has-media-on-the-right is-stacked-on-mobile\"><div class=\"wp-block-media-text__content\">\n<p><em>La FNATH est reconnue d&rsquo;utilit\u00e9 publique  et collabore avec le Secr\u00e9tariat d&rsquo;Etat charg\u00e9 des Personnes Handicap\u00e9es<\/em><\/p>\n<\/div><figure class=\"wp-block-media-text__media\"><img loading=\"lazy\" decoding=\"async\" width=\"1024\" height=\"576\" src=\"https:\/\/www.fnath-montpellier.fr\/wp-content\/uploads\/2024\/03\/vlcsnap-2023-01-30-17h54m57s392-1024x576.jpg\" alt=\"\" class=\"wp-image-188 size-full\" srcset=\"https:\/\/www.fnath-montpellier.fr\/wp-content\/uploads\/2024\/03\/vlcsnap-2023-01-30-17h54m57s392-1024x576.jpg 1024w, https:\/\/www.fnath-montpellier.fr\/wp-content\/uploads\/2024\/03\/vlcsnap-2023-01-30-17h54m57s392-300x169.jpg 300w, https:\/\/www.fnath-montpellier.fr\/wp-content\/uploads\/2024\/03\/vlcsnap-2023-01-30-17h54m57s392-768x432.jpg 768w, https:\/\/www.fnath-montpellier.fr\/wp-content\/uploads\/2024\/03\/vlcsnap-2023-01-30-17h54m57s392-1536x864.jpg 1536w, https:\/\/www.fnath-montpellier.fr\/wp-content\/uploads\/2024\/03\/vlcsnap-2023-01-30-17h54m57s392-1360x765.jpg 1360w, https:\/\/www.fnath-montpellier.fr\/wp-content\/uploads\/2024\/03\/vlcsnap-2023-01-30-17h54m57s392.jpg 1920w\" sizes=\"auto, (max-width: 1024px) 100vw, 1024px\" \/><\/figure><\/div>\n\n\n\n<p class=\"has-tertiary-color has-text-color has-link-color has-medium-font-size wp-elements-f6758c371e5418d4b803ce2f0cc3efb3\"><strong>Mais la FNATH c&rsquo;est aussi <\/strong><\/p>\n\n\n\n<ul class=\"wp-block-list\">\n<li style=\"line-height:1.2\">La FNATH est compos\u00e9e de plus de 1000 sections \u00e0 travers la France enti\u00e8re<\/li>\n\n\n\n<li style=\"line-height:1.2\">La FNATH collabore aussi avec les Mairies et les Agglos pour l&rsquo;Accessibilit\u00e9 des B\u00e2timents et de la voirie<\/li>\n\n\n\n<li style=\"line-height:1.2\">La FNATH est partenaire de l&rsquo;ARS (Agence R\u00e9gionale de Sant\u00e9) et participe en tant que RU (Repr\u00e9sentant des Usagers) \u00e0 toutes les commissions concernant les H\u00f4pitaux \u00a0<\/li>\n<\/ul>\n\n\n<div class=\"wp-block-image\">\n<figure class=\"aligncenter size-large is-resized\"><img loading=\"lazy\" decoding=\"async\" width=\"1024\" height=\"355\" src=\"https:\/\/www.fnath-montpellier.fr\/wp-content\/uploads\/2024\/03\/picto-horizontal-1024x355.png\" alt=\"\" class=\"wp-image-151\" style=\"width:328px;height:auto\" srcset=\"https:\/\/www.fnath-montpellier.fr\/wp-content\/uploads\/2024\/03\/picto-horizontal-1024x355.png 1024w, https:\/\/www.fnath-montpellier.fr\/wp-content\/uploads\/2024\/03\/picto-horizontal-300x104.png 300w, https:\/\/www.fnath-montpellier.fr\/wp-content\/uploads\/2024\/03\/picto-horizontal-768x266.png 768w, https:\/\/www.fnath-montpellier.fr\/wp-content\/uploads\/2024\/03\/picto-horizontal-1536x532.png 1536w, https:\/\/www.fnath-montpellier.fr\/wp-content\/uploads\/2024\/03\/picto-horizontal.png 2048w\" sizes=\"auto, (max-width: 1024px) 100vw, 1024px\" \/><\/figure>\n<\/div>","protected":false},"excerpt":{"rendered":"<p>Nos missions se d\u00e9clinent en plusieurs axes. La FNATH se mobilise, gr\u00e2ce \u00e0 ses adh\u00e9rents, pour d\u00e9fendre les droits collectifs<\/p>\n","protected":false},"author":1,"featured_media":0,"parent":0,"menu_order":0,"comment_status":"closed","ping_status":"closed","template":"","meta":{"footnotes":""},"class_list":["post-183","page","type-page","status-publish","hentry","comments-off"],"_links":{"self":[{"href":"https:\/\/www.fnath-montpellier.fr\/index.php\/wp-json\/wp\/v2\/pages\/183","targetHints":{"allow":["GET"]}}],"collection":[{"href":"https:\/\/www.fnath-montpellier.fr\/index.php\/wp-json\/wp\/v2\/pages"}],"about":[{"href":"https:\/\/www.fnath-montpellier.fr\/index.php\/wp-json\/wp\/v2\/types\/page"}],"author":[{"embeddable":true,"href":"https:\/\/www.fnath-montpellier.fr\/index.php\/wp-json\/wp\/v2\/users\/1"}],"replies":[{"embeddable":true,"href":"https:\/\/www.fnath-montpellier.fr\/index.php\/wp-json\/wp\/v2\/comments?post=183"}],"version-history":[{"count":18,"href":"https:\/\/www.fnath-montpellier.fr\/index.php\/wp-json\/wp\/v2\/pages\/183\/revisions"}],"predecessor-version":[{"id":261,"href":"https:\/\/www.fnath-montpellier.fr\/index.php\/wp-json\/wp\/v2\/pages\/183\/revisions\/261"}],"wp:attachment":[{"href":"https:\/\/www.fnath-montpellier.fr\/index.php\/wp-json\/wp\/v2\/media?parent=183"}],"curies":[{"name":"wp","href":"https:\/\/api.w.org\/{rel}","templated":true}]}}