{"id":555,"date":"2024-05-13T16:04:23","date_gmt":"2024-05-13T14:04:23","guid":{"rendered":"https:\/\/www.fnath-montpellier.fr\/?page_id=555"},"modified":"2024-05-13T18:28:22","modified_gmt":"2024-05-13T16:28:22","slug":"les-accidents-du-travail","status":"publish","type":"page","link":"https:\/\/www.fnath-montpellier.fr\/index.php\/les-accidents-du-travail\/","title":{"rendered":"Les Accidents du Travail"},"content":{"rendered":"\n<p class=\"has-tertiary-color has-text-color has-link-color has-medium-font-size wp-elements-3b4b2bc920706917270c942a742c4da6\" style=\"line-height:1.4\"><strong>Comment les d\u00e9clarer ?<br>Quelle indemnisation ?<br>Comment reprendre le travail ?<\/strong><\/p>\n\n\n\n<p class=\"has-text-align-center has-white-color has-primary-background-color has-text-color has-background has-link-color wp-elements-d17deb1600f9393c19a6bcd2b77ef1f5\"><strong>ATTENTION<\/strong><br>L&rsquo;accident de travail doit \u00eatre d\u00e9clar\u00e9 par le salari\u00e9 \u00e0 son employeur dans les 24 heures <br>ET par son employeur \u00e0 la CPAM dans les 48 heures<\/p>\n\n\n\n<ul class=\"wp-block-list\">\n<li>Pour se faire soigner sans faire l&rsquo;avance des frais, votre employeur doit vous remettre la feuille d&rsquo;accident du travail<\/li>\n\n\n\n<li>Un certificat m\u00e9dical initial doit \u00eatre \u00e9tabli par un m\u00e9decin de fa\u00e7on d\u00e9taill\u00e9e : il doit indiquer la dur\u00e9e des soins ou de l&rsquo;arr\u00eat de travail.<\/li>\n<\/ul>\n\n\n\n<div class=\"wp-block-group is-vertical is-layout-flex wp-container-core-group-is-layout-8cf370e7 wp-block-group-is-layout-flex\">\n<p class=\"has-tertiary-color has-text-color has-link-color has-medium-font-size wp-elements-fbbc89099c084c67168415930a7a8d4e\" style=\"line-height:0.4\"><strong>A noter<\/strong><\/p>\n\n\n\n<p class=\"has-black-color has-text-color has-background has-link-color wp-elements-91eaf345e96523d3a3f537a159bb072a\" style=\"background:linear-gradient(180deg,rgb(254,205,165) 99%,rgb(254,45,45) 99%);line-height:1.3\"><strong>Qu&rsquo;il s&rsquo;agisse de la reconnaissance du caract\u00e8re professionnel de votre accident, de la date de consolidation, de la fixation de votre taux d&rsquo;incapacit\u00e9, du montant de votre rente, la Caisse doit vous adresser une d\u00e9cision qui peut \u00eatre contest\u00e9e, sous certaines conditions, devant le tribunal.<\/strong><\/p>\n<\/div>\n\n\n\n<p><\/p>\n\n\n<div class=\"wp-block-image\">\n<figure class=\"aligncenter size-full is-resized\"><img loading=\"lazy\" decoding=\"async\" width=\"1024\" height=\"355\" src=\"https:\/\/www.fnath-montpellier.fr\/wp-content\/uploads\/2024\/03\/image.png\" alt=\"\" class=\"wp-image-215\" style=\"width:115px\" srcset=\"https:\/\/www.fnath-montpellier.fr\/wp-content\/uploads\/2024\/03\/image.png 1024w, https:\/\/www.fnath-montpellier.fr\/wp-content\/uploads\/2024\/03\/image-300x104.png 300w, https:\/\/www.fnath-montpellier.fr\/wp-content\/uploads\/2024\/03\/image-768x266.png 768w\" sizes=\"auto, (max-width: 1024px) 100vw, 1024px\" \/><\/figure>\n<\/div>\n\n\n<div class=\"wp-block-group is-vertical is-layout-flex wp-container-core-group-is-layout-8cf370e7 wp-block-group-is-layout-flex\">\n<p class=\"has-tertiary-color has-text-color has-link-color has-medium-font-size wp-elements-5e81f0953615994cec8b7884669aa57f\" style=\"line-height:1.3\"><strong>Quelle indemnisation ?<\/strong><\/p>\n\n\n\n<p style=\"line-height:1.4\">Si votre accident de travail est reconnu, vous pourrez b\u00e9n\u00e9ficier d&rsquo;indemnit\u00e9s journali\u00e8res en cas d&rsquo;arr\u00eat de travail et, sous certaines conditions, d&rsquo;une prise en charge des frais de soins et de transports.<br><br>Une rente (ou dans certains cas un capital) vous sera attribu\u00e9 d\u00e8s lors qu&rsquo;une incapacit\u00e9 permanente a \u00e9t\u00e9 reconnue apr\u00e8s la consolidation.<\/p>\n<\/div>\n\n\n\n<div class=\"wp-block-group is-vertical is-layout-flex wp-container-core-group-is-layout-8cf370e7 wp-block-group-is-layout-flex\">\n<p class=\"has-tertiary-color has-text-color has-link-color has-medium-font-size wp-elements-47091805875f4ca412c29ec48c11511d\"><strong>L&rsquo;action en faute inexcusable<\/strong><\/p>\n\n\n\n<p class=\"has-background\" style=\"background:linear-gradient(180deg,rgb(254,205,165) 100%,rgb(254,45,45) 100%,rgb(107,0,62) 100%)\"><strong>Elle permet de d\u00e9montrer que l&#8217;employeur a commis une faute, d&rsquo;obtenir une majoration de votre indemnisation, ainsi que la r\u00e9paration de pr\u00e9judices suppl\u00e9mentaires<\/strong><\/p>\n<\/div>\n\n\n\n<p><\/p>\n\n\n<div class=\"wp-block-image\">\n<figure class=\"aligncenter size-full is-resized\"><img loading=\"lazy\" decoding=\"async\" width=\"1024\" height=\"355\" src=\"https:\/\/www.fnath-montpellier.fr\/wp-content\/uploads\/2024\/03\/image.png\" alt=\"\" class=\"wp-image-215\" style=\"width:115px\" srcset=\"https:\/\/www.fnath-montpellier.fr\/wp-content\/uploads\/2024\/03\/image.png 1024w, https:\/\/www.fnath-montpellier.fr\/wp-content\/uploads\/2024\/03\/image-300x104.png 300w, https:\/\/www.fnath-montpellier.fr\/wp-content\/uploads\/2024\/03\/image-768x266.png 768w\" sizes=\"auto, (max-width: 1024px) 100vw, 1024px\" \/><\/figure>\n<\/div>\n\n\n<p class=\"has-tertiary-color has-text-color has-link-color has-medium-font-size wp-elements-45437eec32edff6b221c4c150471df76\"><strong>Visites de pr\u00e9-reprise et de reprise<\/strong><\/p>\n\n\n\n<p>Si votre arr\u00eat de travail est sup\u00e9rieur \u00e0 3 mois, vous pouvez demander, ainsi que le m\u00e9decin traitant ou le m\u00e9decin conseil de la s\u00e9curit\u00e9 sociale, <strong>une visite de pr\u00e9-reprise<\/strong>. Sauf si vous vous y opposez, le m\u00e9decin du travail informe \u00e0 l&rsquo;issue de cette visite l&#8217;employeur et les m\u00e9decins de ses recommandations.<\/p>\n\n\n\n<p>La visite de reprise est organis\u00e9e pour des arr\u00eats de travail d&rsquo;au moins 30 jours pour accident du travail.<br>Elle doit intervenir dans les 8 jours de la reprise.<\/p>\n\n\n<div class=\"wp-block-image\">\n<figure class=\"aligncenter size-full is-resized\"><img loading=\"lazy\" decoding=\"async\" width=\"1024\" height=\"355\" src=\"https:\/\/www.fnath-montpellier.fr\/wp-content\/uploads\/2024\/03\/image.png\" alt=\"\" class=\"wp-image-215\" style=\"width:115px\" srcset=\"https:\/\/www.fnath-montpellier.fr\/wp-content\/uploads\/2024\/03\/image.png 1024w, https:\/\/www.fnath-montpellier.fr\/wp-content\/uploads\/2024\/03\/image-300x104.png 300w, https:\/\/www.fnath-montpellier.fr\/wp-content\/uploads\/2024\/03\/image-768x266.png 768w\" sizes=\"auto, (max-width: 1024px) 100vw, 1024px\" \/><\/figure>\n<\/div>\n\n\n<p class=\"has-tertiary-color has-text-color has-link-color has-medium-font-size wp-elements-5787109a194452d3b93970ac5ad6fbe3\"><strong>Inaptitude<\/strong><\/p>\n\n\n\n<p>L&rsquo;inaptitude est obligatoirement \u00e9tablie par un m\u00e9decin du travail, qui doit respecter les \u00e9tapes suivantes :<\/p>\n\n\n\n<ul class=\"wp-block-list\">\n<li style=\"line-height:1.2\">r\u00e9alisation d&rsquo;au moins un examen m\u00e9dical<\/li>\n\n\n\n<li style=\"line-height:1.2\">r\u00e9alisation d&rsquo;une \u00e9tude de votre poste<\/li>\n\n\n\n<li style=\"line-height:1.2\">r\u00e9alisation d&rsquo;une \u00e9tude des conditions de travail dans l&rsquo;\u00e9tablissement<\/li>\n\n\n\n<li style=\"line-height:1.2\">\u00e9change avec l&#8217;employeur<\/li>\n<\/ul>\n\n\n\n<p>Le m\u00e9decin du travail peut :<\/p>\n\n\n\n<ul class=\"wp-block-list\">\n<li style=\"line-height:1.2\">demander \u00e0 r\u00e9aliser un deuxi\u00e8me examen m\u00e9dical au plus tard 15 jours apr\u00e8s le premier.<\/li>\n\n\n\n<li style=\"line-height:1.2\">mentionner dans l&rsquo;avis d&rsquo;inaptitude que tout maintien dans l&#8217;emploi serait gravement pr\u00e9judiciable ou que l&rsquo;\u00e9tat de sant\u00e9 fait obstacle \u00e0 tout reclassement dans l&#8217;emploi.<\/li>\n<\/ul>\n\n\n\n<p>Il est possible de contester l&rsquo;avis en saisissant le conseil des prud&rsquo;hommes d&rsquo;une demande de d\u00e9signation d&rsquo;un m\u00e9decin expert.<\/p>\n\n\n<div class=\"wp-block-image\">\n<figure class=\"aligncenter size-full is-resized\"><img loading=\"lazy\" decoding=\"async\" width=\"1024\" height=\"355\" src=\"https:\/\/www.fnath-montpellier.fr\/wp-content\/uploads\/2024\/03\/image.png\" alt=\"\" class=\"wp-image-215\" style=\"width:375px\" srcset=\"https:\/\/www.fnath-montpellier.fr\/wp-content\/uploads\/2024\/03\/image.png 1024w, https:\/\/www.fnath-montpellier.fr\/wp-content\/uploads\/2024\/03\/image-300x104.png 300w, https:\/\/www.fnath-montpellier.fr\/wp-content\/uploads\/2024\/03\/image-768x266.png 768w\" sizes=\"auto, (max-width: 1024px) 100vw, 1024px\" \/><\/figure>\n<\/div>","protected":false},"excerpt":{"rendered":"<p>Comment les d\u00e9clarer ?Quelle indemnisation ?Comment reprendre le travail ? ATTENTIONL&rsquo;accident de travail doit \u00eatre d\u00e9clar\u00e9 par le salari\u00e9 \u00e0<\/p>\n","protected":false},"author":1,"featured_media":0,"parent":0,"menu_order":0,"comment_status":"closed","ping_status":"closed","template":"","meta":{"footnotes":""},"class_list":["post-555","page","type-page","status-publish","hentry","comments-off"],"_links":{"self":[{"href":"https:\/\/www.fnath-montpellier.fr\/index.php\/wp-json\/wp\/v2\/pages\/555","targetHints":{"allow":["GET"]}}],"collection":[{"href":"https:\/\/www.fnath-montpellier.fr\/index.php\/wp-json\/wp\/v2\/pages"}],"about":[{"href":"https:\/\/www.fnath-montpellier.fr\/index.php\/wp-json\/wp\/v2\/types\/page"}],"author":[{"embeddable":true,"href":"https:\/\/www.fnath-montpellier.fr\/index.php\/wp-json\/wp\/v2\/users\/1"}],"replies":[{"embeddable":true,"href":"https:\/\/www.fnath-montpellier.fr\/index.php\/wp-json\/wp\/v2\/comments?post=555"}],"version-history":[{"count":5,"href":"https:\/\/www.fnath-montpellier.fr\/index.php\/wp-json\/wp\/v2\/pages\/555\/revisions"}],"predecessor-version":[{"id":571,"href":"https:\/\/www.fnath-montpellier.fr\/index.php\/wp-json\/wp\/v2\/pages\/555\/revisions\/571"}],"wp:attachment":[{"href":"https:\/\/www.fnath-montpellier.fr\/index.php\/wp-json\/wp\/v2\/media?parent=555"}],"curies":[{"name":"wp","href":"https:\/\/api.w.org\/{rel}","templated":true}]}}