{"id":80,"date":"2024-03-11T09:56:02","date_gmt":"2024-03-11T08:56:02","guid":{"rendered":"https:\/\/www.fnath-montpellier.fr\/?page_id=80"},"modified":"2026-04-24T17:52:53","modified_gmt":"2026-04-24T15:52:53","slug":"permanences","status":"publish","type":"page","link":"https:\/\/www.fnath-montpellier.fr\/index.php\/permanences\/","title":{"rendered":"Liste des Permanences"},"content":{"rendered":"\n<p class=\"has-text-align-center has-tertiary-color has-text-color has-link-color wp-elements-125e90d6a504cb5cd3bf0209a691f511\" style=\"font-size:25px\"><strong>Toutes les permanences se font sur Rendez-Vous <\/strong><br><strong>\u00e0 prendre aupr\u00e8s de la FNATH <\/strong><strong>ou du CCAS de la commune concern\u00e9e.<\/strong><\/p>\n\n\n\n<div class=\"wp-block-columns is-layout-flex wp-container-core-columns-is-layout-9d6595d7 wp-block-columns-is-layout-flex\">\n<div class=\"wp-block-column is-layout-flow wp-block-column-is-layout-flow\" style=\"flex-basis:100%\">\n<div class=\"wp-block-media-text is-stacked-on-mobile\" style=\"grid-template-columns:21% auto\"><figure class=\"wp-block-media-text__media\"><img loading=\"lazy\" decoding=\"async\" width=\"180\" height=\"86\" src=\"https:\/\/www.fnath-montpellier.fr\/wp-content\/uploads\/2024\/03\/Baillargues180.jpg\" alt=\"\" class=\"wp-image-308 size-full\"\/><\/figure><div class=\"wp-block-media-text__content\">\n<p class=\"has-text-align-right\"><strong>Baillargues<\/strong><br>Tous les 1er lundi du mois de 10h00 \u00e0 12h00<br>CCAS &#8211; 32 rue de la R\u00e9publique T\u00e9l : 04 67 87 81 76<br><strong><a href=\"https:\/\/www.google.com\/maps\/place\/32+Rue+de+la+R%C3%A9publique,+34670+Baillargues\/@43.6604436,4.0139333,19z\/data=!4m6!3m5!1s0x12b6a16b7e92cfa1:0x59281c960c2f6859!8m2!3d43.6609829!4d4.0131547!16s%2Fg%2F11rp393m_z?entry=ttu\" data-type=\"link\" data-id=\"https:\/\/www.google.com\/maps\/place\/32+Rue+de+la+R%C3%A9publique,+34670+Baillargues\/@43.6604436,4.0139333,19z\/data=!4m6!3m5!1s0x12b6a16b7e92cfa1:0x59281c960c2f6859!8m2!3d43.6609829!4d4.0131547!16s%2Fg%2F11rp393m_z?entry=ttu\">Baillargues<\/a><\/strong><\/p>\n<\/div><\/div>\n<\/div>\n<\/div>\n\n\n\n<div class=\"wp-block-media-text is-stacked-on-mobile\" style=\"grid-template-columns:19% auto\"><figure class=\"wp-block-media-text__media\"><img loading=\"lazy\" decoding=\"async\" width=\"180\" height=\"80\" src=\"https:\/\/www.fnath-montpellier.fr\/wp-content\/uploads\/2024\/03\/Balaruc-les-Bains180.jpg\" alt=\"\" class=\"wp-image-309 size-full\"\/><\/figure><div class=\"wp-block-media-text__content\">\n<p class=\"has-text-align-right\"><strong>Balaruc les Bains<\/strong><br>Le 1er et le 3e jeudi du mois sur rendez-vous aupr\u00e8s du CCAS<br>Mairie Annexe les Usines<\/p>\n<\/div><\/div>\n\n\n\n<div class=\"wp-block-media-text is-stacked-on-mobile\" style=\"grid-template-columns:15% auto\"><figure class=\"wp-block-media-text__media\"><img loading=\"lazy\" decoding=\"async\" width=\"139\" height=\"178\" src=\"https:\/\/www.fnath-montpellier.fr\/wp-content\/uploads\/2024\/03\/Mauguio-Carnon180.jpg\" alt=\"\" class=\"wp-image-310 size-full\"\/><\/figure><div class=\"wp-block-media-text__content\">\n<p class=\"has-text-align-right\"><strong>Carnon<\/strong><br>Le jeudi de 10h00 \u00e0 12h00, dates mobiles contacter le CCAS.<br>CCAS P\u00f4le Solidarit\u00e9 , place des Cistres sur le port T\u00e9l : 04 67 50 80 81<br><a href=\"https:\/\/www.google.com\/maps\/place\/C.c.a.s\/@43.5469475,3.9755035,17z\/data=!3m1!4b1!4m6!3m5!1s0x12b6bb6703bb85d7:0x57c1b4414be419d5!8m2!3d43.5469475!4d3.9755035!16s%2Fg%2F11b6dpbf2s?hl=fr&amp;entry=ttu\" data-type=\"link\" data-id=\"https:\/\/www.google.com\/maps\/place\/C.c.a.s\/@43.5469475,3.9755035,17z\/data=!3m1!4b1!4m6!3m5!1s0x12b6bb6703bb85d7:0x57c1b4414be419d5!8m2!3d43.5469475!4d3.9755035!16s%2Fg%2F11b6dpbf2s?hl=fr&amp;entry=ttu\"><strong>Carnon<\/strong><\/a><\/p>\n<\/div><\/div>\n\n\n\n<div class=\"wp-block-media-text is-stacked-on-mobile\" style=\"grid-template-columns:18% auto\"><figure class=\"wp-block-media-text__media\"><img loading=\"lazy\" decoding=\"async\" width=\"180\" height=\"68\" src=\"https:\/\/www.fnath-montpellier.fr\/wp-content\/uploads\/2024\/03\/castrieslogo180.jpg\" alt=\"\" class=\"wp-image-311 size-full\"\/><\/figure><div class=\"wp-block-media-text__content\">\n<p class=\"has-text-align-right\"><strong>Castries<\/strong><br>Tous les 1er vendredi du mois de 14h00 \u00e0 16h00<br>Espace Gare &#8211; 50 avenue de la Gare T\u00e9l : 04 67 16 24 42<br><a href=\"https:\/\/www.google.com\/maps\/place\/50+Av.+de+la+Gare,+34160+Castries\/@43.6760926,3.9870732,18.75z\/data=!4m14!1m7!3m6!1s0x12b6a6d375de56cd:0x8da9568d3ee6c44e!2sMairie+et+Centre+Communal+d'action+Sociale!8m2!3d43.677628!4d3.9853343!16s%2Fg%2F1xgt_82f!3m5!1s0x12b6a12d4f3a4439:0x6e6772cefe9195df!8m2!3d43.6744591!4d3.9882015!16s%2Fg%2F11cpbb0215?hl=fr&amp;entry=ttu\" data-type=\"link\" data-id=\"https:\/\/www.google.com\/maps\/place\/50+Av.+de+la+Gare,+34160+Castries\/@43.6760926,3.9870732,18.75z\/data=!4m14!1m7!3m6!1s0x12b6a6d375de56cd:0x8da9568d3ee6c44e!2sMairie+et+Centre+Communal+d'action+Sociale!8m2!3d43.677628!4d3.9853343!16s%2Fg%2F1xgt_82f!3m5!1s0x12b6a12d4f3a4439:0x6e6772cefe9195df!8m2!3d43.6744591!4d3.9882015!16s%2Fg%2F11cpbb0215?hl=fr&amp;entry=ttu\"><strong>Castries <\/strong><\/a><\/p>\n<\/div><\/div>\n\n\n\n<div class=\"wp-block-media-text is-stacked-on-mobile\" style=\"grid-template-columns:20% auto\"><figure class=\"wp-block-media-text__media\"><img loading=\"lazy\" decoding=\"async\" width=\"180\" height=\"65\" src=\"https:\/\/www.fnath-montpellier.fr\/wp-content\/uploads\/2024\/03\/logo-Frontignan_bleu180.jpg\" alt=\"\" class=\"wp-image-313 size-full\"\/><\/figure><div class=\"wp-block-media-text__content\">\n<p class=\"has-text-align-right\"><strong>Frontignan<\/strong><br>Tous les 1er et 3e lundi du mois de 10h30 \u00e0 11h30<br>Salle Vincent GINER, rue Anatole France T\u00e9l : 04 67 18 54 40<br><a href=\"https:\/\/www.google.com\/maps\/place\/Mairie+-+Maison+des+S%C3%A9niors+Vincent+Giner\/@43.4489984,3.7525945,17z\/data=!3m1!4b1!4m6!3m5!1s0x12b6b53083b88cf5:0xaba27900974cef33!8m2!3d43.4489984!4d3.7525945!16s%2Fg%2F11b6dcvlxr?hl=fr&amp;entry=ttu\" data-type=\"link\" data-id=\"https:\/\/www.google.com\/maps\/place\/Mairie+-+Maison+des+S%C3%A9niors+Vincent+Giner\/@43.4489984,3.7525945,17z\/data=!3m1!4b1!4m6!3m5!1s0x12b6b53083b88cf5:0xaba27900974cef33!8m2!3d43.4489984!4d3.7525945!16s%2Fg%2F11b6dcvlxr?hl=fr&amp;entry=ttu\"><strong>Frontignan<\/strong><\/a><\/p>\n<\/div><\/div>\n\n\n\n<div class=\"wp-block-media-text is-stacked-on-mobile\" style=\"grid-template-columns:21% auto\"><figure class=\"wp-block-media-text__media\"><img loading=\"lazy\" decoding=\"async\" width=\"1024\" height=\"647\" src=\"https:\/\/www.fnath-montpellier.fr\/wp-content\/uploads\/2024\/11\/logo_jacou-1024x647.jpg\" alt=\"\" class=\"wp-image-727 size-full\" srcset=\"https:\/\/www.fnath-montpellier.fr\/wp-content\/uploads\/2024\/11\/logo_jacou-1024x647.jpg 1024w, https:\/\/www.fnath-montpellier.fr\/wp-content\/uploads\/2024\/11\/logo_jacou-300x190.jpg 300w, https:\/\/www.fnath-montpellier.fr\/wp-content\/uploads\/2024\/11\/logo_jacou-768x485.jpg 768w, https:\/\/www.fnath-montpellier.fr\/wp-content\/uploads\/2024\/11\/logo_jacou.jpg 1519w\" sizes=\"auto, (max-width: 1024px) 100vw, 1024px\" \/><\/figure><div class=\"wp-block-media-text__content\">\n<p class=\"has-text-align-right\"><strong>Jacou<\/strong><br>Tous les 1er mardi du mois de 10h00 \u00e0 12h00<br><strong>&nbsp;<\/strong>6 Rue de l&rsquo;H\u00f4tel de ville, T\u00e9l : 04 67 55 80 71<br><strong><a href=\"https:\/\/www.google.com\/maps\/place\/CCAS+de+Jacou\/@43.6595895,3.910011,18.4z\/data=!4m6!3m5!1s0x12b6a6033814e663:0x89f3639909858137!8m2!3d43.660905!4d3.9103708!16s%2Fg%2F1tfv75yp?entry=ttu&amp;g_ep=EgoyMDI0MTExNy4wIKXMDSoASAFQAw%3D%3D\" data-type=\"link\" data-id=\"https:\/\/www.google.com\/maps\/place\/CCAS+de+Jacou\/@43.6595895,3.910011,18.4z\/data=!4m6!3m5!1s0x12b6a6033814e663:0x89f3639909858137!8m2!3d43.660905!4d3.9103708!16s%2Fg%2F1tfv75yp?entry=ttu&amp;g_ep=EgoyMDI0MTExNy4wIKXMDSoASAFQAw%3D%3D\" target=\"_blank\" rel=\"noreferrer noopener\">Jacou<\/a> <\/strong><\/p>\n<\/div><\/div>\n\n\n\n<div class=\"wp-block-media-text is-stacked-on-mobile\" style=\"grid-template-columns:19% auto\"><figure class=\"wp-block-media-text__media\"><img loading=\"lazy\" decoding=\"async\" width=\"180\" height=\"89\" src=\"https:\/\/www.fnath-montpellier.fr\/wp-content\/uploads\/2024\/03\/Logo-LGM180.jpg\" alt=\"\" class=\"wp-image-314 size-full\"\/><\/figure><div class=\"wp-block-media-text__content\">\n<p class=\"has-text-align-right\"><strong>La Grande Motte<\/strong><br>Tous les 1er lundi du mois de 14h00 \u00e0 16h00<br>CCAS R\u00e9sidence \u00ab\u00a0LA GARRIGUE\u00a0\u00bb All\u00e9e Andr\u00e9 Malraux  T\u00e9l : 04 67 56 71 15<br><a href=\"https:\/\/www.google.com\/maps\/place\/CCAS\/@43.5625256,4.0910106,17z\/data=!3m1!4b1!4m6!3m5!1s0x12b697f53d3125a1:0x9f50d3cb6d9ae701!8m2!3d43.5625256!4d4.0910106!16s%2Fg%2F1tz2vrg9?hl=fr&amp;entry=ttu\" data-type=\"link\" data-id=\"https:\/\/www.google.com\/maps\/place\/CCAS\/@43.5625256,4.0910106,17z\/data=!3m1!4b1!4m6!3m5!1s0x12b697f53d3125a1:0x9f50d3cb6d9ae701!8m2!3d43.5625256!4d4.0910106!16s%2Fg%2F1tz2vrg9?hl=fr&amp;entry=ttu\"><strong>La Grande Motte<\/strong><\/a><\/p>\n<\/div><\/div>\n\n\n\n<div class=\"wp-block-media-text is-stacked-on-mobile\" style=\"grid-template-columns:15% auto\"><figure class=\"wp-block-media-text__media\"><img loading=\"lazy\" decoding=\"async\" width=\"139\" height=\"178\" src=\"https:\/\/www.fnath-montpellier.fr\/wp-content\/uploads\/2024\/03\/Mauguio-Carnon180-1.jpg\" alt=\"\" class=\"wp-image-315 size-full\"\/><\/figure><div class=\"wp-block-media-text__content\">\n<p class=\"has-text-align-right\"><strong>Mauguio<\/strong><br>Tous les 3e mardi du mois de 14h00 \u00e0 16h00<br>CCAS en mairie, place Jules Ferry T\u00e9l : 04 67 12 02 78<br><a href=\"https:\/\/www.google.com\/maps\/dir\/\/C.c.a.s,+Pl.+Jules+Ferry,+34130+Mauguio\/@43.6129096,4.0035664,14.25z\/data=!4m9!4m8!1m1!4e2!1m5!1m1!1s0x12b6a397f48cc0f1:0x70b87a116a28fa09!2m2!1d4.0068657!2d43.6158943?hl=fr&amp;entry=ttu\" data-type=\"link\" data-id=\"https:\/\/www.google.com\/maps\/dir\/\/C.c.a.s,+Pl.+Jules+Ferry,+34130+Mauguio\/@43.6129096,4.0035664,14.25z\/data=!4m9!4m8!1m1!4e2!1m5!1m1!1s0x12b6a397f48cc0f1:0x70b87a116a28fa09!2m2!1d4.0068657!2d43.6158943?hl=fr&amp;entry=ttu\"><strong>Mauguio<\/strong><\/a><\/p>\n<\/div><\/div>\n\n\n\n<div class=\"wp-block-media-text is-stacked-on-mobile\" style=\"grid-template-columns:15% auto\"><figure class=\"wp-block-media-text__media\"><img loading=\"lazy\" decoding=\"async\" width=\"843\" height=\"1024\" src=\"https:\/\/www.fnath-montpellier.fr\/wp-content\/uploads\/2024\/04\/1200px-Ville_de_Montpellier_logo.svg_-843x1024.png\" alt=\"\" class=\"wp-image-412 size-full\" srcset=\"https:\/\/www.fnath-montpellier.fr\/wp-content\/uploads\/2024\/04\/1200px-Ville_de_Montpellier_logo.svg_-843x1024.png 843w, https:\/\/www.fnath-montpellier.fr\/wp-content\/uploads\/2024\/04\/1200px-Ville_de_Montpellier_logo.svg_-247x300.png 247w, https:\/\/www.fnath-montpellier.fr\/wp-content\/uploads\/2024\/04\/1200px-Ville_de_Montpellier_logo.svg_-768x932.png 768w, https:\/\/www.fnath-montpellier.fr\/wp-content\/uploads\/2024\/04\/1200px-Ville_de_Montpellier_logo.svg_.png 1200w\" sizes=\"auto, (max-width: 843px) 100vw, 843px\" \/><\/figure><div class=\"wp-block-media-text__content\">\n<p class=\"has-text-align-right\"><strong>Montpellier<\/strong><br>Permanence tous les mardi de 10h00 \u00e0 12h00 et de 14h00 \u00e0 16h00<br>Salle des locaux Associatifs Manuel PAZOS, 255 rue Alphonse Juin<br><a href=\"https:\/\/www.google.com\/maps\/place\/Locaux+associatifs+Manuel+Pazos\/@43.618497,3.899758,18.5z\/data=!4m6!3m5!1s0x12b6afdfc81cab89:0xee31b64238387cf2!8m2!3d43.619684!4d3.899967!16s%2Fg%2F11j19f250j?authuser=0&amp;entry=ttu\" data-type=\"link\" data-id=\"https:\/\/www.google.com\/maps\/place\/Locaux+associatifs+Manuel+Pazos\/@43.618497,3.899758,18.5z\/data=!4m6!3m5!1s0x12b6afdfc81cab89:0xee31b64238387cf2!8m2!3d43.619684!4d3.899967!16s%2Fg%2F11j19f250j?authuser=0&amp;entry=ttu\"><strong>Montpellier Salle PAZOS<\/strong><\/a><\/p>\n<\/div><\/div>\n\n\n\n<div class=\"wp-block-media-text is-stacked-on-mobile\" style=\"grid-template-columns:24% auto\"><figure class=\"wp-block-media-text__media\"><img loading=\"lazy\" decoding=\"async\" width=\"1024\" height=\"383\" src=\"https:\/\/www.fnath-montpellier.fr\/wp-content\/uploads\/2025\/05\/PEZENAS_RVB-1024x383.png\" alt=\"\" class=\"wp-image-777 size-full\" srcset=\"https:\/\/www.fnath-montpellier.fr\/wp-content\/uploads\/2025\/05\/PEZENAS_RVB-1024x383.png 1024w, https:\/\/www.fnath-montpellier.fr\/wp-content\/uploads\/2025\/05\/PEZENAS_RVB-300x112.png 300w, https:\/\/www.fnath-montpellier.fr\/wp-content\/uploads\/2025\/05\/PEZENAS_RVB-768x287.png 768w, https:\/\/www.fnath-montpellier.fr\/wp-content\/uploads\/2025\/05\/PEZENAS_RVB-1536x575.png 1536w, https:\/\/www.fnath-montpellier.fr\/wp-content\/uploads\/2025\/05\/PEZENAS_RVB-2048x766.png 2048w\" sizes=\"auto, (max-width: 1024px) 100vw, 1024px\" \/><\/figure><div class=\"wp-block-media-text__content\">\n<p class=\"has-text-align-right\"><strong>P\u00e9zenas<\/strong><br>Permanence tous les 2e et 4e jeudis du mois de 9h00 \u00e0 12h00<br>Centre Social Ambroise Croizat, 10 rue Massillon : T\u00e9l : 04 67 90 41 18<br><a href=\"https:\/\/maps.app.goo.gl\/CrHWMRUEgTxXQn1f8\" target=\"_blank\" rel=\"noreferrer noopener\"><strong>P\u00e9zenas<\/strong><\/a><\/p>\n<\/div><\/div>\n\n\n\n<div class=\"wp-block-media-text is-stacked-on-mobile\" style=\"grid-template-columns:15% auto\"><figure class=\"wp-block-media-text__media\"><img loading=\"lazy\" decoding=\"async\" width=\"180\" height=\"166\" src=\"https:\/\/www.fnath-montpellier.fr\/wp-content\/uploads\/2024\/03\/Sete180.jpg\" alt=\"\" class=\"wp-image-317 size-full\"\/><\/figure><div class=\"wp-block-media-text__content\">\n<p class=\"has-text-align-right\"><strong>S\u00e8te &#8211; Bassin de Thau<\/strong><br>tous les mercredi de 14H00 \u00e0 17h00<br>Bourse du Travail &#8211; 16 rue Jean Jaur\u00e8s T\u00e9l : 04 67 74 71 90<br><a href=\"https:\/\/www.google.com\/maps\/place\/FNATH+S%C3%A8te+Bassin+de+Thau\/@43.4031209,3.6944597,17z\/data=!3m1!4b1!4m6!3m5!1s0x4807d7fbf95effff:0x3d30ef9753da06e0!8m2!3d43.4031209!4d3.6944597!16s%2Fg%2F11fxc0ksdl?hl=fr&amp;entry=ttu\" data-type=\"link\" data-id=\"https:\/\/www.google.com\/maps\/place\/FNATH+S%C3%A8te+Bassin+de+Thau\/@43.4031209,3.6944597,17z\/data=!3m1!4b1!4m6!3m5!1s0x4807d7fbf95effff:0x3d30ef9753da06e0!8m2!3d43.4031209!4d3.6944597!16s%2Fg%2F11fxc0ksdl?hl=fr&amp;entry=ttu\"><strong>S\u00e8te<\/strong><\/a><\/p>\n<\/div><\/div>\n\n\n\n<ul class=\"wp-block-list\">\n<li><\/li>\n<\/ul>\n\n\n\n<div class=\"wp-block-media-text is-stacked-on-mobile\" style=\"grid-template-columns:29% auto\"><figure class=\"wp-block-media-text__media\"><img loading=\"lazy\" decoding=\"async\" width=\"991\" height=\"573\" src=\"https:\/\/www.fnath-montpellier.fr\/wp-content\/uploads\/2025\/06\/Logo-ville-Mozaika.jpg\" alt=\"\" class=\"wp-image-802 size-full\" srcset=\"https:\/\/www.fnath-montpellier.fr\/wp-content\/uploads\/2025\/06\/Logo-ville-Mozaika.jpg 991w, https:\/\/www.fnath-montpellier.fr\/wp-content\/uploads\/2025\/06\/Logo-ville-Mozaika-300x173.jpg 300w, https:\/\/www.fnath-montpellier.fr\/wp-content\/uploads\/2025\/06\/Logo-ville-Mozaika-768x444.jpg 768w\" sizes=\"auto, (max-width: 991px) 100vw, 991px\" \/><\/figure><div class=\"wp-block-media-text__content\">\n<p class=\"has-text-align-right\"><strong>Saint-Andr\u00e9 de Sangonis<\/strong><br>Permanence le 3e mardi du mois de 9H \u00e0 12H<br>Centre Municipal Socio Culturel et Sportif Moza\u00efka<br>20, cours de la Libert\u00e9 : T\u00e9l 04.67.57.91.41<br><strong><a href=\"https:\/\/maps.app.goo.gl\/zYUWs9zTajeJY4xg9\" target=\"_blank\" rel=\"noreferrer noopener\">St Andr\u00e9 de Sangonis<\/a><\/strong><\/p>\n<\/div><\/div>\n\n\n\n<div class=\"wp-block-media-text is-stacked-on-mobile\" style=\"grid-template-columns:16% auto\"><figure class=\"wp-block-media-text__media\"><img loading=\"lazy\" decoding=\"async\" width=\"180\" height=\"154\" src=\"https:\/\/www.fnath-montpellier.fr\/wp-content\/uploads\/2024\/03\/St-Jean-de-Vedas180.jpg\" alt=\"\" class=\"wp-image-316 size-full\"\/><\/figure><div class=\"wp-block-media-text__content\">\n<p class=\"has-text-align-right\"><strong>Saint-Jean-de-V\u00e9das<\/strong><br>Sur appel t\u00e9l\u00e9phonique du CCAS au 04 67 07 83 04<br>CCAS rue de la Mairie<br><a href=\"https:\/\/www.google.com\/maps\/dir\/\/43.575719,3.82693\/@43.5756962,3.7445354,12z\/data=!3m1!4b1!4m4!4m3!1m1!4e2!1m0?entry=ttu\" data-type=\"link\" data-id=\"https:\/\/www.google.com\/maps\/dir\/\/43.575719,3.82693\/@43.5756962,3.7445354,12z\/data=!3m1!4b1!4m4!4m3!1m1!4e2!1m0?entry=ttu\"><strong>St Jean de V\u00e9das<\/strong><\/a><\/p>\n<\/div><\/div>\n\n\n\n<div class=\"wp-block-media-text is-stacked-on-mobile\" style=\"grid-template-columns:19% auto\"><figure class=\"wp-block-media-text__media\"><img loading=\"lazy\" decoding=\"async\" width=\"180\" height=\"119\" src=\"https:\/\/www.fnath-montpellier.fr\/wp-content\/uploads\/2024\/03\/ville-de-vendargues-180.jpg\" alt=\"\" class=\"wp-image-318 size-full\"\/><\/figure><div class=\"wp-block-media-text__content\">\n<p class=\"has-text-align-right\"><strong>Vendargues<\/strong><br>Tous les 3e vendredi du mois de 10h00 \u00e0 12h00<br>CCAS Maison Serre, 1 Place de la Mairie T\u00e9l : 04 67 70 64 11<br><a href=\"https:\/\/www.google.com\/maps\/place\/Mairie+-+CCAS\/@43.6569281,3.9695689,17z\/data=!3m1!4b1!4m6!3m5!1s0x12b6a6bd04cb898d:0xac4c47ea1c33b31!8m2!3d43.6569281!4d3.9695689!16s%2Fg%2F11b6dfxs_l?hl=fr&amp;entry=ttu\" data-type=\"link\" data-id=\"https:\/\/www.google.com\/maps\/place\/Mairie+-+CCAS\/@43.6569281,3.9695689,17z\/data=!3m1!4b1!4m6!3m5!1s0x12b6a6bd04cb898d:0xac4c47ea1c33b31!8m2!3d43.6569281!4d3.9695689!16s%2Fg%2F11b6dfxs_l?hl=fr&amp;entry=ttu\"><strong>Vendargues<\/strong><\/a><\/p>\n<\/div><\/div>\n\n\n\n<div class=\"wp-block-media-text is-stacked-on-mobile\" style=\"grid-template-columns:18% auto\"><figure class=\"wp-block-media-text__media\"><img loading=\"lazy\" decoding=\"async\" width=\"129\" height=\"180\" src=\"https:\/\/www.fnath-montpellier.fr\/wp-content\/uploads\/2024\/03\/Villeneuve-les-maguelone-180.jpg\" alt=\"\" class=\"wp-image-319 size-full\"\/><\/figure><div class=\"wp-block-media-text__content\">\n<p class=\"has-text-align-right\"><strong>Villeneuve-l\u00e8s-Maguelone<\/strong><br>Sur appel t\u00e9l\u00e9phonique du CCAS au 04 67 69 04 04<br>CCAS Maison de la Solidarit\u00e9 &#8211; 101 boulevard des Ecoles<br><strong><a href=\"https:\/\/www.google.com\/maps\/place\/Mairie+-+cantine+%C3%A9cole+primaire\/@43.5338182,3.8624621,20z\/data=!4m6!3m5!1s0x12b6b10081301641:0xc892137afa2021df!8m2!3d43.5338182!4d3.8626922!16s%2Fg%2F11b6dp2wgr?entry=ttu\" data-type=\"link\" data-id=\"https:\/\/www.google.com\/maps\/place\/Mairie+-+cantine+%C3%A9cole+primaire\/@43.5338182,3.8624621,20z\/data=!4m6!3m5!1s0x12b6b10081301641:0xc892137afa2021df!8m2!3d43.5338182!4d3.8626922!16s%2Fg%2F11b6dp2wgr?entry=ttu\">Villeneuve les Maguelone<\/a><\/strong><\/p>\n<\/div><\/div>\n\n\n\n<p><br><\/p>\n\n\n<div class=\"wp-block-image\">\n<figure class=\"aligncenter size-large is-resized\"><img loading=\"lazy\" decoding=\"async\" width=\"1024\" height=\"355\" src=\"https:\/\/www.fnath-montpellier.fr\/wp-content\/uploads\/2024\/03\/picto-horizontal-1024x355.png\" alt=\"\" class=\"wp-image-151\" style=\"width:322px;height:auto\" srcset=\"https:\/\/www.fnath-montpellier.fr\/wp-content\/uploads\/2024\/03\/picto-horizontal-1024x355.png 1024w, https:\/\/www.fnath-montpellier.fr\/wp-content\/uploads\/2024\/03\/picto-horizontal-300x104.png 300w, https:\/\/www.fnath-montpellier.fr\/wp-content\/uploads\/2024\/03\/picto-horizontal-768x266.png 768w, https:\/\/www.fnath-montpellier.fr\/wp-content\/uploads\/2024\/03\/picto-horizontal-1536x532.png 1536w, https:\/\/www.fnath-montpellier.fr\/wp-content\/uploads\/2024\/03\/picto-horizontal.png 2048w\" sizes=\"auto, (max-width: 1024px) 100vw, 1024px\" \/><\/figure>\n<\/div>","protected":false},"excerpt":{"rendered":"<p>Toutes les permanences se font sur Rendez-Vous \u00e0 prendre aupr\u00e8s de la FNATH ou du CCAS de la commune concern\u00e9e.<\/p>\n","protected":false},"author":1,"featured_media":0,"parent":0,"menu_order":0,"comment_status":"closed","ping_status":"closed","template":"","meta":{"footnotes":""},"class_list":["post-80","page","type-page","status-publish","hentry","comments-off"],"_links":{"self":[{"href":"https:\/\/www.fnath-montpellier.fr\/index.php\/wp-json\/wp\/v2\/pages\/80","targetHints":{"allow":["GET"]}}],"collection":[{"href":"https:\/\/www.fnath-montpellier.fr\/index.php\/wp-json\/wp\/v2\/pages"}],"about":[{"href":"https:\/\/www.fnath-montpellier.fr\/index.php\/wp-json\/wp\/v2\/types\/page"}],"author":[{"embeddable":true,"href":"https:\/\/www.fnath-montpellier.fr\/index.php\/wp-json\/wp\/v2\/users\/1"}],"replies":[{"embeddable":true,"href":"https:\/\/www.fnath-montpellier.fr\/index.php\/wp-json\/wp\/v2\/comments?post=80"}],"version-history":[{"count":47,"href":"https:\/\/www.fnath-montpellier.fr\/index.php\/wp-json\/wp\/v2\/pages\/80\/revisions"}],"predecessor-version":[{"id":894,"href":"https:\/\/www.fnath-montpellier.fr\/index.php\/wp-json\/wp\/v2\/pages\/80\/revisions\/894"}],"wp:attachment":[{"href":"https:\/\/www.fnath-montpellier.fr\/index.php\/wp-json\/wp\/v2\/media?parent=80"}],"curies":[{"name":"wp","href":"https:\/\/api.w.org\/{rel}","templated":true}]}}