{"id":82,"date":"2024-03-11T09:56:02","date_gmt":"2024-03-11T08:56:02","guid":{"rendered":"https:\/\/www.fnath-montpellier.fr\/?page_id=82"},"modified":"2026-02-23T15:36:26","modified_gmt":"2026-02-23T14:36:26","slug":"contact","status":"publish","type":"page","link":"https:\/\/www.fnath-montpellier.fr\/index.php\/contact\/","title":{"rendered":"Contact"},"content":{"rendered":"\n<p class=\"has-text-align-center has-tertiary-color has-text-color has-link-color has-medium-font-size wp-elements-8378db8e5b23c8c8d841aa57d9b160a4\"><strong>Pour nous \u00e9crire : <\/strong><\/p>\n\n\n\n<p class=\"has-text-align-center\" style=\"font-size:25px\"><strong>FNATH Montpellier-Centre H\u00e9rault<\/strong><br><em>1400 rue de la Castelle<\/em><br><strong>34070 MONTPELLIER<\/strong><\/p>\n\n\n\n<p class=\"has-text-align-center has-tertiary-color has-text-color has-link-color has-medium-font-size wp-elements-007a69f1100d0283daeb592356682cb5\"><strong>Vous pouvez nous contacter sur le num\u00e9ro suivants :<\/strong><\/p>\n\n\n\n<h2 class=\"wp-block-heading has-text-align-center is-style-default has-medium-font-size\">T\u00e9l\u00e9phone : 04.67.65.13.70<\/h2>\n\n\n\n<h2 class=\"wp-block-heading has-text-align-center has-medium-font-size\">Mail : <a href=\"mailto:contact@fnath-montpellier.fr\">contact@fnath-montpellier.fr<\/a><\/h2>\n\n\n\n<p class=\"has-text-align-center\"><strong>Contact par chat : <\/strong><br><a href=\"https:\/\/1828.3cx.cloud\/fnathmontpelliercent\"><strong>Live Chat avec 3CX<\/strong><\/a><\/p>\n\n\n<div class=\"wp-block-image\">\n<figure class=\"aligncenter size-full is-resized\"><a href=\"https:\/\/1828.3cx.cloud\/fnathmontpelliercent\"><img loading=\"lazy\" decoding=\"async\" width=\"536\" height=\"540\" src=\"https:\/\/www.fnath-montpellier.fr\/wp-content\/uploads\/2024\/07\/chat-direct-service.gif\" alt=\"\" class=\"wp-image-641\" style=\"width:118px;height:auto\"\/><\/a><\/figure>\n<\/div>\n\n\n<figure class=\"wp-block-image size-large\"><img loading=\"lazy\" decoding=\"async\" width=\"1024\" height=\"623\" src=\"https:\/\/www.fnath-montpellier.fr\/wp-content\/uploads\/2026\/02\/Organigramme-Bureau-18-02-2026-1024x623.jpg\" alt=\"\" class=\"wp-image-885\" srcset=\"https:\/\/www.fnath-montpellier.fr\/wp-content\/uploads\/2026\/02\/Organigramme-Bureau-18-02-2026-1024x623.jpg 1024w, https:\/\/www.fnath-montpellier.fr\/wp-content\/uploads\/2026\/02\/Organigramme-Bureau-18-02-2026-300x182.jpg 300w, https:\/\/www.fnath-montpellier.fr\/wp-content\/uploads\/2026\/02\/Organigramme-Bureau-18-02-2026-768x467.jpg 768w, https:\/\/www.fnath-montpellier.fr\/wp-content\/uploads\/2026\/02\/Organigramme-Bureau-18-02-2026-1536x934.jpg 1536w, https:\/\/www.fnath-montpellier.fr\/wp-content\/uploads\/2026\/02\/Organigramme-Bureau-18-02-2026-2048x1245.jpg 2048w\" sizes=\"auto, (max-width: 1024px) 100vw, 1024px\" \/><\/figure>\n\n\n\n<div class=\"wp-block-media-text is-stacked-on-mobile\" style=\"grid-template-columns:25% auto\"><figure class=\"wp-block-media-text__media\"><img loading=\"lazy\" decoding=\"async\" width=\"768\" height=\"1024\" src=\"https:\/\/www.fnath-montpellier.fr\/wp-content\/uploads\/2024\/03\/ANDRE-Damien_FNATH-768x1024.jpg\" alt=\"Damien ANDRE\" class=\"wp-image-46 size-full\" srcset=\"https:\/\/www.fnath-montpellier.fr\/wp-content\/uploads\/2024\/03\/ANDRE-Damien_FNATH-768x1024.jpg 768w, https:\/\/www.fnath-montpellier.fr\/wp-content\/uploads\/2024\/03\/ANDRE-Damien_FNATH-225x300.jpg 225w, https:\/\/www.fnath-montpellier.fr\/wp-content\/uploads\/2024\/03\/ANDRE-Damien_FNATH-1152x1536.jpg 1152w, https:\/\/www.fnath-montpellier.fr\/wp-content\/uploads\/2024\/03\/ANDRE-Damien_FNATH-1536x2048.jpg 1536w, https:\/\/www.fnath-montpellier.fr\/wp-content\/uploads\/2024\/03\/ANDRE-Damien_FNATH-scaled.jpg 1920w\" sizes=\"auto, (max-width: 768px) 100vw, 768px\" \/><\/figure><div class=\"wp-block-media-text__content\">\n<p><strong>Damien ANDRE<\/strong> <em>Pr\u00e9sident de la Section Montpellier-Centre H\u00e9rault.<\/em><br>Damien est en charge de la partie NORD de Montpellier et plus particuli\u00e8rement de la ville de Lod\u00e8ve et ses environs.<br>Il sera aid\u00e9 de Ghyslain pour les permanences dans les petites communes aux alentours de Lod\u00e8ve.<br>Il si\u00e8ge \u00e0 la CDAPH et la MDPH pour toutes les commissions adultes et enfants. Il est aussi suppl\u00e9ant \u00e0 la CPAM.<br><a href=\"mailto:damien@fnath-montpellier.fr\"><strong>damien@fnath-montpellier.fr<\/strong><\/a><\/p>\n<\/div><\/div>\n\n\n\n<div class=\"wp-block-media-text is-stacked-on-mobile\" style=\"grid-template-columns:25% auto\"><figure class=\"wp-block-media-text__media\"><img loading=\"lazy\" decoding=\"async\" width=\"768\" height=\"1024\" src=\"https:\/\/www.fnath-montpellier.fr\/wp-content\/uploads\/2024\/03\/CARPIER-Bruno_FNATH-768x1024.jpg\" alt=\"\" class=\"wp-image-47 size-full\" srcset=\"https:\/\/www.fnath-montpellier.fr\/wp-content\/uploads\/2024\/03\/CARPIER-Bruno_FNATH-768x1024.jpg 768w, https:\/\/www.fnath-montpellier.fr\/wp-content\/uploads\/2024\/03\/CARPIER-Bruno_FNATH-225x300.jpg 225w, https:\/\/www.fnath-montpellier.fr\/wp-content\/uploads\/2024\/03\/CARPIER-Bruno_FNATH-1152x1536.jpg 1152w, https:\/\/www.fnath-montpellier.fr\/wp-content\/uploads\/2024\/03\/CARPIER-Bruno_FNATH-1536x2048.jpg 1536w, https:\/\/www.fnath-montpellier.fr\/wp-content\/uploads\/2024\/03\/CARPIER-Bruno_FNATH-scaled.jpg 1920w\" sizes=\"auto, (max-width: 768px) 100vw, 768px\" \/><\/figure><div class=\"wp-block-media-text__content\">\n<p><strong>Bruno CARPIER<\/strong> <em>Tr\u00e9sorier de la Section Montpellier-Centre H\u00e9rault.<\/em><br>Bruno arrive de la Section de S\u00e8te avant qu&rsquo;elle ne fusionne avec Montpellier-Centre H\u00e9rault. Bruno s&rsquo;occupe des permanences de Balaruc-les Bains, Saint-Jean de V\u00e9das, Villeneuve-l\u00e8s-Maguelone et participe avec Christian aux permanences de S\u00e8te.<br>Il est Administrateur \u00e0 la CRAM <br>et repr\u00e9sentant des usagers (RU) pour les H\u00f4pitaux<br><a href=\"mailto:bruno@fnath-montpellier.fr\"><strong>bruno@fnath-montpellier.fr<\/strong><\/a><br><\/p>\n<\/div><\/div>\n\n\n\n<div class=\"wp-block-media-text is-stacked-on-mobile\" style=\"grid-template-columns:25% auto\"><figure class=\"wp-block-media-text__media\"><img loading=\"lazy\" decoding=\"async\" width=\"768\" height=\"1024\" src=\"https:\/\/www.fnath-montpellier.fr\/wp-content\/uploads\/2024\/03\/HUGON-Christian_FNATH-768x1024.jpg\" alt=\"\" class=\"wp-image-48 size-full\" srcset=\"https:\/\/www.fnath-montpellier.fr\/wp-content\/uploads\/2024\/03\/HUGON-Christian_FNATH-768x1024.jpg 768w, https:\/\/www.fnath-montpellier.fr\/wp-content\/uploads\/2024\/03\/HUGON-Christian_FNATH-225x300.jpg 225w, https:\/\/www.fnath-montpellier.fr\/wp-content\/uploads\/2024\/03\/HUGON-Christian_FNATH-1152x1536.jpg 1152w, https:\/\/www.fnath-montpellier.fr\/wp-content\/uploads\/2024\/03\/HUGON-Christian_FNATH-1536x2048.jpg 1536w, https:\/\/www.fnath-montpellier.fr\/wp-content\/uploads\/2024\/03\/HUGON-Christian_FNATH-scaled.jpg 1920w\" sizes=\"auto, (max-width: 768px) 100vw, 768px\" \/><\/figure><div class=\"wp-block-media-text__content\">\n<p><strong>Christian HUGON<\/strong> <em>Secr\u00e9taire de la Section Montpellier-Centre H\u00e9rault<\/em><br>Christian est issu lui aussi de la Section de S\u00e8te avant la fusion avec Montpellier, b\u00e9n\u00e9vole depuis plusieurs ann\u00e9es il r\u00e9alise les permanences de S\u00e8te et Frontignan avec quelques fois l&rsquo;aide de Bruno.<br><a href=\"mailto:christian@fnath-montpellier.fr\"><strong>christian@fnath-montpellier.fr<\/strong><\/a><\/p>\n<\/div><\/div>\n\n\n\n<div class=\"wp-block-media-text is-stacked-on-mobile\" style=\"grid-template-columns:25% auto\"><figure class=\"wp-block-media-text__media\"><img loading=\"lazy\" decoding=\"async\" width=\"768\" height=\"1024\" src=\"https:\/\/www.fnath-montpellier.fr\/wp-content\/uploads\/2024\/03\/MARTIN-Ghyslain_FNATH-768x1024.jpg\" alt=\"\" class=\"wp-image-49 size-full\" srcset=\"https:\/\/www.fnath-montpellier.fr\/wp-content\/uploads\/2024\/03\/MARTIN-Ghyslain_FNATH-768x1024.jpg 768w, https:\/\/www.fnath-montpellier.fr\/wp-content\/uploads\/2024\/03\/MARTIN-Ghyslain_FNATH-225x300.jpg 225w, https:\/\/www.fnath-montpellier.fr\/wp-content\/uploads\/2024\/03\/MARTIN-Ghyslain_FNATH-1152x1536.jpg 1152w, https:\/\/www.fnath-montpellier.fr\/wp-content\/uploads\/2024\/03\/MARTIN-Ghyslain_FNATH-1536x2048.jpg 1536w, https:\/\/www.fnath-montpellier.fr\/wp-content\/uploads\/2024\/03\/MARTIN-Ghyslain_FNATH-scaled.jpg 1920w\" sizes=\"auto, (max-width: 768px) 100vw, 768px\" \/><\/figure><div class=\"wp-block-media-text__content\">\n<p><strong>Ghyslain MARTIN<\/strong> <em>Secr\u00e9taire Adjoint de la Section Montpellier-Centre H\u00e9rault.<\/em><br>Ghyslain qui \u00e9tait \u00e0 la Section Clermont-Gignac-Lod\u00e8ve intervient surtout sur le Nord de Montpellier avec Damien.<br><a href=\"mailto:ghyslain@fnath-montpellier.fr\"><strong>ghyslain@fnath-montpellier.fr<\/strong><\/a><\/p>\n<\/div><\/div>\n\n\n\n<div class=\"wp-block-media-text is-stacked-on-mobile\" style=\"grid-template-columns:25% auto\"><figure class=\"wp-block-media-text__media\"><img loading=\"lazy\" decoding=\"async\" width=\"768\" height=\"1024\" src=\"https:\/\/www.fnath-montpellier.fr\/wp-content\/uploads\/2024\/04\/Christiane-JATIVA_FNATH-768x1024.jpg\" alt=\"\" class=\"wp-image-464 size-full\" srcset=\"https:\/\/www.fnath-montpellier.fr\/wp-content\/uploads\/2024\/04\/Christiane-JATIVA_FNATH-768x1024.jpg 768w, https:\/\/www.fnath-montpellier.fr\/wp-content\/uploads\/2024\/04\/Christiane-JATIVA_FNATH-225x300.jpg 225w, https:\/\/www.fnath-montpellier.fr\/wp-content\/uploads\/2024\/04\/Christiane-JATIVA_FNATH-1152x1536.jpg 1152w, https:\/\/www.fnath-montpellier.fr\/wp-content\/uploads\/2024\/04\/Christiane-JATIVA_FNATH-1536x2048.jpg 1536w, https:\/\/www.fnath-montpellier.fr\/wp-content\/uploads\/2024\/04\/Christiane-JATIVA_FNATH-scaled.jpg 1920w\" sizes=\"auto, (max-width: 768px) 100vw, 768px\" \/><\/figure><div class=\"wp-block-media-text__content\">\n<p><strong>Christiane JATIVA<\/strong> \u00e0 rejoint le CA pour aider sur la ville de Montpellier. Elle intervient surtout sur la permanence de la Salle Manuel PAZOS.<br><a href=\"mailto:christiane@fnath-montpellier.fr\"><strong>christiane@fnath-montpellier.fr<\/strong><\/a><\/p>\n<\/div><\/div>\n\n\n\n<div class=\"wp-block-media-text is-stacked-on-mobile\" style=\"grid-template-columns:25% auto\"><figure class=\"wp-block-media-text__media\"><img loading=\"lazy\" decoding=\"async\" width=\"768\" height=\"1024\" src=\"https:\/\/www.fnath-montpellier.fr\/wp-content\/uploads\/2024\/03\/PISTILLI-Robert_FNATH-768x1024.jpg\" alt=\"\" class=\"wp-image-50 size-full\" srcset=\"https:\/\/www.fnath-montpellier.fr\/wp-content\/uploads\/2024\/03\/PISTILLI-Robert_FNATH-768x1024.jpg 768w, https:\/\/www.fnath-montpellier.fr\/wp-content\/uploads\/2024\/03\/PISTILLI-Robert_FNATH-225x300.jpg 225w, https:\/\/www.fnath-montpellier.fr\/wp-content\/uploads\/2024\/03\/PISTILLI-Robert_FNATH-1152x1536.jpg 1152w, https:\/\/www.fnath-montpellier.fr\/wp-content\/uploads\/2024\/03\/PISTILLI-Robert_FNATH-1536x2048.jpg 1536w, https:\/\/www.fnath-montpellier.fr\/wp-content\/uploads\/2024\/03\/PISTILLI-Robert_FNATH-scaled.jpg 1920w\" sizes=\"auto, (max-width: 768px) 100vw, 768px\" \/><\/figure><div class=\"wp-block-media-text__content\">\n<p><strong>Robert PISTILLI<\/strong> <em>Vice-Pr\u00e9sident de la Section Montpellier-Centre H\u00e9rault<\/em>.<br>Robert arrive de la Section de Lunel. Adh\u00e9rent depuis 15 ans \u00e0 la FNATH, il est mandat\u00e9 pour participer \u00e0 la Section de Montpellier.<br>Robert g\u00e8re les permanences de Baillargues-Carnon-Castries-La Grande Motte-Mauguio-Vendargues-Jacou.<br>Il intervient pour le CCAS de Vendargues et le CIAS de l&rsquo;Agglo de Lunel. Il est Public Associ\u00e9 pour l&rsquo;accessibilit\u00e9 de l&rsquo;Agglo de Lunel et la Communaut\u00e9 de Communes du Salagou C\u0153urs d&rsquo;H\u00e9rault.<br><a href=\"mailto:robert@fnath-montpellier.fr\"><strong>robert@fnath-montpellier.fr<\/strong><\/a><\/p>\n<\/div><\/div>\n\n\n\n<p class=\"has-text-align-center has-tertiary-color has-text-color has-link-color has-medium-font-size wp-elements-7d4a31b176e2b85d1b53179f4b7803bc\"><strong>Toutes les permanences se font sur rendez-vous. <br><\/strong><br><strong>Pour nous \u00e9crire : <\/strong> <\/p>\n\n\n\n<p class=\"has-text-align-center has-medium-font-size\"><strong>FNATH Montpellier-Centre H\u00e9rault<\/strong><br><em>1400 rue de la Castelle<\/em><br><strong>34070 MONTPELLIER<\/strong><\/p>\n\n\n\n<p class=\"has-text-align-center has-tertiary-color has-text-color has-link-color has-medium-font-size wp-elements-3913b0cbf8d02ac1ecd10efac4b2cc24\"><strong>Vous pouvez nous contacter sur les num\u00e9ros suivants :<\/strong><\/p>\n\n\n\n<h2 class=\"wp-block-heading has-text-align-center\">T\u00e9l\u00e9phone : 04.67.65.13.70<\/h2>\n\n\n\n<h2 class=\"wp-block-heading has-text-align-center\">Mail : <a href=\"mailto:contact@fnath-montpellier.fr\">contact@fnath-montpellier.fr<\/a><\/h2>\n\n\n\n<h2 class=\"wp-block-heading has-text-align-center\">Contact par chat : <\/h2>\n\n\n<div class=\"wp-block-image\">\n<figure class=\"aligncenter size-full is-resized\"><a href=\"https:\/\/1828.3cx.cloud\/fnathmontpelliercent\"><img loading=\"lazy\" decoding=\"async\" width=\"536\" height=\"540\" src=\"https:\/\/www.fnath-montpellier.fr\/wp-content\/uploads\/2024\/07\/chat-direct-service.gif\" alt=\"\" class=\"wp-image-641\" style=\"width:142px;height:auto\"\/><\/a><\/figure>\n<\/div>\n\n\n<h2 class=\"wp-block-heading has-text-align-center\"><a href=\"https:\/\/1828.3cx.cloud\/fnathmontpelliercent\">Live Chat avec 3CX<\/a><br> <br><\/h2>\n","protected":false},"excerpt":{"rendered":"<p>Pour nous \u00e9crire : FNATH Montpellier-Centre H\u00e9rault1400 rue de la Castelle34070 MONTPELLIER Vous pouvez nous contacter sur le num\u00e9ro suivants<\/p>\n","protected":false},"author":1,"featured_media":0,"parent":0,"menu_order":0,"comment_status":"closed","ping_status":"closed","template":"","meta":{"footnotes":""},"class_list":["post-82","page","type-page","status-publish","hentry","comments-off"],"_links":{"self":[{"href":"https:\/\/www.fnath-montpellier.fr\/index.php\/wp-json\/wp\/v2\/pages\/82","targetHints":{"allow":["GET"]}}],"collection":[{"href":"https:\/\/www.fnath-montpellier.fr\/index.php\/wp-json\/wp\/v2\/pages"}],"about":[{"href":"https:\/\/www.fnath-montpellier.fr\/index.php\/wp-json\/wp\/v2\/types\/page"}],"author":[{"embeddable":true,"href":"https:\/\/www.fnath-montpellier.fr\/index.php\/wp-json\/wp\/v2\/users\/1"}],"replies":[{"embeddable":true,"href":"https:\/\/www.fnath-montpellier.fr\/index.php\/wp-json\/wp\/v2\/comments?post=82"}],"version-history":[{"count":24,"href":"https:\/\/www.fnath-montpellier.fr\/index.php\/wp-json\/wp\/v2\/pages\/82\/revisions"}],"predecessor-version":[{"id":886,"href":"https:\/\/www.fnath-montpellier.fr\/index.php\/wp-json\/wp\/v2\/pages\/82\/revisions\/886"}],"wp:attachment":[{"href":"https:\/\/www.fnath-montpellier.fr\/index.php\/wp-json\/wp\/v2\/media?parent=82"}],"curies":[{"name":"wp","href":"https:\/\/api.w.org\/{rel}","templated":true}]}}